{"id":191,"date":"2012-08-07T12:12:53","date_gmt":"2012-08-07T12:12:53","guid":{"rendered":"https:\/\/2012.lisboa.wordcamp.org\/?page_id=191"},"modified":"2012-11-07T11:48:06","modified_gmt":"2012-11-07T11:48:06","slug":"oradores","status":"publish","type":"page","link":"https:\/\/lisboa.wordcamp.org\/2012\/oradores\/","title":{"rendered":"Oradores"},"content":{"rendered":"\n\t\t<div class=\"cpt-loop speaker-gravatar-list clearfix\">\n\t\t\t<p>\n\t\t\t\t\t\t\t<a href='#alexandre-marreiros' title='Alexandre Marreiros'><img alt='' src='https:\/\/secure.gravatar.com\/avatar\/86bf484d06018099e8ae718c2bf84a743ccfe22cf2b0017c7ae95105b319b882?s=48&#038;d=mm&#038;r=g' srcset='https:\/\/secure.gravatar.com\/avatar\/86bf484d06018099e8ae718c2bf84a743ccfe22cf2b0017c7ae95105b319b882?s=96&#038;d=mm&#038;r=g 2x' class='avatar avatar-48 photo' height='48' width='48' \/><\/a>\t\t\t\t\t\t\t<a href='#andrea-rota' title='Andrea Rota'><img alt='' src='https:\/\/secure.gravatar.com\/avatar\/6c1353f591b10081cbd46d0ed567032dbead02ecaef89da4f5ac0dd7154eb4da?s=48&#038;d=mm&#038;r=g' srcset='https:\/\/secure.gravatar.com\/avatar\/6c1353f591b10081cbd46d0ed567032dbead02ecaef89da4f5ac0dd7154eb4da?s=96&#038;d=mm&#038;r=g 2x' class='avatar avatar-48 photo' height='48' width='48' \/><\/a>\t\t\t\t\t\t\t<a href='#cristi-burca-scribu' title='Cristi Burc\u0103 (scribu)'><img alt='' src='https:\/\/secure.gravatar.com\/avatar\/2439e3f2481a972350cdb74bdeaef11d15082a3b8fca1dbf33e8bbe3fbdcd3a7?s=48&#038;d=mm&#038;r=g' srcset='https:\/\/secure.gravatar.com\/avatar\/2439e3f2481a972350cdb74bdeaef11d15082a3b8fca1dbf33e8bbe3fbdcd3a7?s=96&#038;d=mm&#038;r=g 2x' class='avatar avatar-48 photo' height='48' width='48' \/><\/a>\t\t\t\t\t\t\t<a href='#goncalo-peres' title='Gon\u00e7alo Peres'><img alt='' src='https:\/\/secure.gravatar.com\/avatar\/361653a5ae545e3cbfdc12eaa330b4c979984cf5222e9da5ba2144619dcf55be?s=48&#038;d=mm&#038;r=g' srcset='https:\/\/secure.gravatar.com\/avatar\/361653a5ae545e3cbfdc12eaa330b4c979984cf5222e9da5ba2144619dcf55be?s=96&#038;d=mm&#038;r=g 2x' class='avatar avatar-48 photo' height='48' width='48' \/><\/a>\t\t\t\t\t\t\t<a href='#hanni-ross' title='Hanni Ross'><img alt='' src='https:\/\/secure.gravatar.com\/avatar\/7c6016cf71cbc7e5a2375177b36674a1948d0cea7995f16ee8707c9c2194b6e8?s=48&#038;d=mm&#038;r=g' srcset='https:\/\/secure.gravatar.com\/avatar\/7c6016cf71cbc7e5a2375177b36674a1948d0cea7995f16ee8707c9c2194b6e8?s=96&#038;d=mm&#038;r=g 2x' class='avatar avatar-48 photo' height='48' width='48' \/><\/a>\t\t\t\t\t\t\t<a href='#hugo-fernandes' title='Hugo Fernandes'><img alt='' src='https:\/\/secure.gravatar.com\/avatar\/37a8a29edc08ff6f1d8cc0fd44d0e84ccb6334961b210958af70729034608c08?s=48&#038;d=mm&#038;r=g' srcset='https:\/\/secure.gravatar.com\/avatar\/37a8a29edc08ff6f1d8cc0fd44d0e84ccb6334961b210958af70729034608c08?s=96&#038;d=mm&#038;r=g 2x' class='avatar avatar-48 photo' height='48' width='48' \/><\/a>\t\t\t\t\t\t\t<a href='#kim-gjerstad' title='Kim Gjerstad'><img alt='' src='https:\/\/secure.gravatar.com\/avatar\/390a731662a4ef44d7edcff8db1fac932d59d7ce2e7cc6bf62fa3df64da455e1?s=48&#038;d=mm&#038;r=g' srcset='https:\/\/secure.gravatar.com\/avatar\/390a731662a4ef44d7edcff8db1fac932d59d7ce2e7cc6bf62fa3df64da455e1?s=96&#038;d=mm&#038;r=g 2x' class='avatar avatar-48 photo' height='48' width='48' \/><\/a>\t\t\t\t\t\t\t<a href='#laura-carvalho-alves' title='Laura Carvalho Alves'><img alt='' src='https:\/\/secure.gravatar.com\/avatar\/75d311545df0938c48bca705ab6c81095152f9afe60b2972741fe6a4858c96d2?s=48&#038;d=mm&#038;r=g' srcset='https:\/\/secure.gravatar.com\/avatar\/75d311545df0938c48bca705ab6c81095152f9afe60b2972741fe6a4858c96d2?s=96&#038;d=mm&#038;r=g 2x' class='avatar avatar-48 photo' height='48' width='48' \/><\/a>\t\t\t\t\t\t\t<a href='#luis-filipe-cristovao' title='Lu\u00eds Filipe Cristov\u00e3o'><img alt='' src='https:\/\/secure.gravatar.com\/avatar\/76458b9a53e6c96ce20a9c1df4a8b50a7b95e01a5f904b51381a9431c1d1ced2?s=48&#038;d=mm&#038;r=g' srcset='https:\/\/secure.gravatar.com\/avatar\/76458b9a53e6c96ce20a9c1df4a8b50a7b95e01a5f904b51381a9431c1d1ced2?s=96&#038;d=mm&#038;r=g 2x' class='avatar avatar-48 photo' height='48' width='48' \/><\/a>\t\t\t\t\t\t\t<a href='#noel-tock' title='Noel Tock'><img alt='' src='https:\/\/secure.gravatar.com\/avatar\/62cadbec28f6e032454e04beae081a31d389e4224dce3c1161c43ded3e480b19?s=48&#038;d=mm&#038;r=g' srcset='https:\/\/secure.gravatar.com\/avatar\/62cadbec28f6e032454e04beae081a31d389e4224dce3c1161c43ded3e480b19?s=96&#038;d=mm&#038;r=g 2x' class='avatar avatar-48 photo' height='48' width='48' \/><\/a>\t\t\t\t\t\t\t<a href='#nuno-ramos' title='Nuno Ramos'><img alt='' src='https:\/\/secure.gravatar.com\/avatar\/5945d2c9f7738fd742cb2dfdf23d927fe150a8e28e0f3074ef6981f514765daf?s=48&#038;d=mm&#038;r=g' srcset='https:\/\/secure.gravatar.com\/avatar\/5945d2c9f7738fd742cb2dfdf23d927fe150a8e28e0f3074ef6981f514765daf?s=96&#038;d=mm&#038;r=g 2x' class='avatar avatar-48 photo' height='48' width='48' \/><\/a>\t\t\t\t\t\t\t<a href='#ryan-hellyer' title='Ryan Hellyer'><img alt='' src='https:\/\/secure.gravatar.com\/avatar\/dc73bc3bdfc6b3452697a22736d80204f03124159f87f4e5ed1152c87ebe5eef?s=48&#038;d=mm&#038;r=g' srcset='https:\/\/secure.gravatar.com\/avatar\/dc73bc3bdfc6b3452697a22736d80204f03124159f87f4e5ed1152c87ebe5eef?s=96&#038;d=mm&#038;r=g 2x' class='avatar avatar-48 photo' height='48' width='48' \/><\/a>\t\t\t\t\t\t\t<a href='#vasco-marques' title='Vasco Marques'><img alt='' src='https:\/\/secure.gravatar.com\/avatar\/866704b3431eea914e8f6deb83e3ae223efb20987e3f65a38ef156cf98dee8f0?s=48&#038;d=mm&#038;r=g' srcset='https:\/\/secure.gravatar.com\/avatar\/866704b3431eea914e8f6deb83e3ae223efb20987e3f65a38ef156cf98dee8f0?s=96&#038;d=mm&#038;r=g 2x' class='avatar avatar-48 photo' height='48' width='48' \/><\/a>\t\t\t\t\t\t\t<a href='#ze-fontainhas' title='Z\u00e9 Fontainhas'><img alt='' src='https:\/\/secure.gravatar.com\/avatar\/d71843bd2670ce03308e7ab56b82febe090a6cfb9944e81657bd619a4756d50f?s=48&#038;d=mm&#038;r=g' srcset='https:\/\/secure.gravatar.com\/avatar\/d71843bd2670ce03308e7ab56b82febe090a6cfb9944e81657bd619a4756d50f?s=96&#038;d=mm&#038;r=g 2x' class='avatar avatar-48 photo' height='48' width='48' \/><\/a>\t\t\t\t\t\t<\/p>\n\t\t<\/div>\n\n\t\t\t\t\n\t\t<div class=\"cpt-loop speakers\">\n\t\t\t<div class=\"grid_6 alpha\">\n\n\t\t\t\t\n\t\t\t\t\t\n\t\t\t\t\t<div id=\"alexandre-marreiros\" class=\"speaker clearfix odd post-282 wcb_speaker type-wcb_speaker status-publish hentry\" >\n\t\t\t\t\t\t<h3 class=\"entry-title speaker-name\">Alexandre Marreiros<\/h3>\n\t\t\t\t\t\t<div class=\"entry-content speaker-bio\">\n\t\t\t\t\t\t<img alt='' src='https:\/\/secure.gravatar.com\/avatar\/86bf484d06018099e8ae718c2bf84a743ccfe22cf2b0017c7ae95105b319b882?s=102&#038;d=mm&#038;r=g' srcset='https:\/\/secure.gravatar.com\/avatar\/86bf484d06018099e8ae718c2bf84a743ccfe22cf2b0017c7ae95105b319b882?s=204&#038;d=mm&#038;r=g 2x' class='avatar avatar-102 photo' height='102' width='102' \/><p>Licenciado em Engenharia de Inform\u00e1tica e Computadores pelo ISEL, cedo come\u00e7ou as suas aventuras na \u00e1rea de desenvolvimento de software tendo come\u00e7ado com trabalhos como programador <em>freelance<\/em> em J2EE, .net e sistemas de informa\u00e7\u00e3o.<\/p>\n<p>Finda a Licenciatura dedicou-se durante 1 ano ao estudo e investiga\u00e7\u00e3o na \u00e1rea da Intelig\u00eancia Artificial e em 2005 resolveu apostar no desenvolvimento de sistemas e aplica\u00e7\u00f5es web tendo sido programador e mais tarde arquitecto de software. Em janeiro de 2010 passou a exercer as fun\u00e7\u00f5es de CTO da <a href=\"http:\/\/www.innovagency.com\/\" target=\"_blank\">Innovagency<\/a>, as quais mant\u00e9m at\u00e9 aos dias de hoje como actividade profissional.<\/p>\n<p>Dedica-se em\u00a0<em>part-time<\/em>\u00a0\u00e0 forma\u00e7\u00e3o e orat\u00f3ria na \u00e1rea de desenvolvimento de software e das TICS. Em 2010 deu in\u00edcio ao seu projecto pessoal, chamado\u00a0<a href=\"digitalmindignition.com\" target=\"_blank\">Digital Mind Ignition<\/a>, com o objectivo principal de permitir a pessoas\u00a0e empresas de tirar um maior partido da evolu\u00e7\u00e3o t\u00e9cnologica na \u00e1rea do digital, atrav\u00e9s da partilha e forma\u00e7\u00e3o de profissionais e servi\u00e7os de consultadoria e arquitectura de software.<\/p>\n<p>Algum do trabalho de Alexandre pode ser acompanhado atrav\u00e9s de\u00a0<a href=\"http:\/\/digitalmindignition.com\/\" target=\"_blank\">digitalmindignition.com<\/a>\u00a0do seu twitter <a href=\"http:\/\/twitter.com\/alexmarreiros\" target=\"_blank\">@alexmarreiros<\/a>.<\/p>\n<p>O Alexandre vem ao WordCamp mostrar como \u00e9 afinal f\u00e1cil criar os seu pr\u00f3prios plugins.<\/p>\n\t\t\t\t\t\t<\/div>\n\t\t\t\t\t<\/div>\n\t\t\t\t\n\t\t\t\t\t\n\t\t\t\t\t<div id=\"andrea-rota\" class=\"speaker clearfix even post-488 wcb_speaker type-wcb_speaker status-publish hentry\" >\n\t\t\t\t\t\t<h3 class=\"entry-title speaker-name\">Andrea Rota<\/h3>\n\t\t\t\t\t\t<div class=\"entry-content speaker-bio\">\n\t\t\t\t\t\t<img alt='' src='https:\/\/secure.gravatar.com\/avatar\/6c1353f591b10081cbd46d0ed567032dbead02ecaef89da4f5ac0dd7154eb4da?s=102&#038;d=mm&#038;r=g' srcset='https:\/\/secure.gravatar.com\/avatar\/6c1353f591b10081cbd46d0ed567032dbead02ecaef89da4f5ac0dd7154eb4da?s=204&#038;d=mm&#038;r=g 2x' class='avatar avatar-102 photo' height='102' width='102' \/><p>O Andrea \u00e9 co-fundador e CTO da <a href=\"http:\/\/xelera.eu\/it\/\" target=\"_blank\">Xelera<\/a>, faz pesquisa e \u00e9 developer no cetro<a href=\"http:\/\/lsecities.net\/\"> LSE Cities<\/a>\u00a0da\u00a0London School of Economics,\u00a0\u00e9 ainda director na\u00a0Liquid Culture.<\/p>\n<p>Designa-se como etn\u00f3logo, desenvolve solu\u00e7\u00f5es para infra-estruturas de informa\u00e7\u00e3o sustent\u00e1veis que promovem a inova\u00e7\u00e3o e a mudan\u00e7a nas organiza\u00e7\u00f5es e empresas. Trabalha exclusivamente com software free\/open source e preferencialmente com clientes envolvidos em projectos de cariz social e meio ambiente.<\/p>\n<p>No seu tempo livre viaja com a sua esposa em busca de destinos calmos e tranquilos, faz planos para uma poss\u00edvel mudan\u00e7a para Portugal e ocasionalmente documenta as suas despretensiosas\u00a0experi\u00eancias na cozinha no seu quase-vegan blog\u00a0<a href=\"http:\/\/mey.vn\/\" target=\"_blank\">http:\/\/mey.vn<\/a><\/p>\n\t\t\t\t\t\t<\/div>\n\t\t\t\t\t<\/div>\n\t\t\t\t\n\t\t\t\t\t\n\t\t\t\t\t<div id=\"cristi-burca-scribu\" class=\"speaker clearfix odd post-189 wcb_speaker type-wcb_speaker status-publish hentry\" >\n\t\t\t\t\t\t<h3 class=\"entry-title speaker-name\">Cristi Burc\u0103 (scribu)<\/h3>\n\t\t\t\t\t\t<div class=\"entry-content speaker-bio\">\n\t\t\t\t\t\t<img alt='' src='https:\/\/secure.gravatar.com\/avatar\/2439e3f2481a972350cdb74bdeaef11d15082a3b8fca1dbf33e8bbe3fbdcd3a7?s=102&#038;d=mm&#038;r=g' srcset='https:\/\/secure.gravatar.com\/avatar\/2439e3f2481a972350cdb74bdeaef11d15082a3b8fca1dbf33e8bbe3fbdcd3a7?s=204&#038;d=mm&#038;r=g 2x' class='avatar avatar-102 photo' height='102' width='102' \/><p><strong>Cristi Burc\u0103 (scribu)<\/strong>, quase n\u00e3o precisa de apresenta\u00e7\u00f5es, j\u00e1 que \u00e9 um nome familiar para quem desenvolve com WordPress. Ali\u00e1s, basta consultar a p\u00e1gina\u00a0<em>Sobre o WordPress<\/em>\u00a0\u2192\u00a0<em>Cr\u00e9ditos<\/em>\u00a0no painel do vosso site para perceber porqu\u00ea.<\/p>\n<p>O seu contributo tornou-se particularmente vis\u00edvel na\u00a0<a href=\"http:\/\/wordpress.org\/news\/2011\/02\/threeone\/\" target=\"_blank\">vers\u00e3o 3.1<\/a>, com a possibilidade de\u00a0<a href=\"http:\/\/scribu.net\/wordpress\/custom-sortable-columns.html\" target=\"_blank\">ordenar colunas de listas no painel<\/a>\u00a0e tamb\u00e9m com as novas funcionalidades de\u00a0<a href=\"http:\/\/ottopress.com\/2010\/wordpress-3-1-advanced-taxonomy-queries\/\" target=\"_blank\"><em>queries<\/em>\u00a0de taxonomias<\/a>\u00a0e de\u00a0<a href=\"http:\/\/scribu.net\/wordpress\/advanced-metadata-queries.html\" target=\"_blank\">metadados<\/a>. Al\u00e9m disso \u00e9 ainda muito poss\u00edvel que estejam a usar um ou mais\u00a0<a href=\"http:\/\/profiles.wordpress.org\/scribu\" target=\"_blank\">plugins da sua autoria<\/a>, j\u00e1 que criou n\u00e3o menos do que\u00a0<strong>31<\/strong>!<\/p>\n<p>Este Romeno de apenas 23 anos j\u00e1 tem um nome e reputa\u00e7\u00e3o inigual\u00e1veis na comunidade internacional e \u00e9 com grande orgulho que anunciamos que estar\u00e1 no WordCamp para apresentar temas mais avan\u00e7ados para desenvolvedores e at\u00e9 talvez coordenar parte do\u00a0<em>hack-day<\/em>.<\/p>\n\t\t\t\t\t\t<\/div>\n\t\t\t\t\t<\/div>\n\t\t\t\t\n\t\t\t\t\t\n\t\t\t\t\t<div id=\"goncalo-peres\" class=\"speaker clearfix even post-484 wcb_speaker type-wcb_speaker status-publish hentry\" >\n\t\t\t\t\t\t<h3 class=\"entry-title speaker-name\">Gon\u00e7alo Peres<\/h3>\n\t\t\t\t\t\t<div class=\"entry-content speaker-bio\">\n\t\t\t\t\t\t<img alt='' src='https:\/\/secure.gravatar.com\/avatar\/361653a5ae545e3cbfdc12eaa330b4c979984cf5222e9da5ba2144619dcf55be?s=102&#038;d=mm&#038;r=g' srcset='https:\/\/secure.gravatar.com\/avatar\/361653a5ae545e3cbfdc12eaa330b4c979984cf5222e9da5ba2144619dcf55be?s=204&#038;d=mm&#038;r=g 2x' class='avatar avatar-102 photo' height='102' width='102' \/><p>Webdeveloper freelance por voca\u00e7\u00e3o, s\u00f3cio fundador dum videoclube de culto &#8220;\u00e0 antiga&#8221;, por paix\u00e3o e pai de dois rapazolas. Acredita e tenta p\u00f4r em pr\u00e1tica todos os dias o conceito de <em>small is beautiful<\/em> e <em>live simply, so others may simply live<\/em>. Utiliza a bicicleta como meio de transporte sempre que pode. Provavelmente o que mais gosta de fazer \u00e9 viajar de mochila \u00e0s costas e sem planos pela\u00a0\u00c1sia\u00a0e Am\u00e9rica Latina.<\/p>\n<p>Desde 2009 tem vindo a renovar e criar novos sites em WordPress para a <a href=\"http:\/\/workmedia.pt\" target=\"_blank\">Workmedia<\/a>, uma empresa com v\u00e1rias publica\u00e7\u00f5es online e em papel. O WordPress \u00e9 para o Gon\u00e7alo uma excelente ferramenta, mas \u00e9 acima de tudo uma comunidade mundial de pessoas que, atrav\u00e9s das iniciativas locais, provam que <em>small is <span style=\"text-decoration: underline\">indeed<\/span> beautiful<\/em>.<\/p>\n\t\t\t\t\t\t<\/div>\n\t\t\t\t\t<\/div>\n\t\t\t\t\n\t\t\t\t\t\n\t\t\t\t\t<div id=\"hanni-ross\" class=\"speaker clearfix odd post-360 wcb_speaker type-wcb_speaker status-publish hentry\" >\n\t\t\t\t\t\t<h3 class=\"entry-title speaker-name\">Hanni Ross<\/h3>\n\t\t\t\t\t\t<div class=\"entry-content speaker-bio\">\n\t\t\t\t\t\t<img alt='' src='https:\/\/secure.gravatar.com\/avatar\/7c6016cf71cbc7e5a2375177b36674a1948d0cea7995f16ee8707c9c2194b6e8?s=102&#038;d=mm&#038;r=g' srcset='https:\/\/secure.gravatar.com\/avatar\/7c6016cf71cbc7e5a2375177b36674a1948d0cea7995f16ee8707c9c2194b6e8?s=204&#038;d=mm&#038;r=g 2x' class='avatar avatar-102 photo' height='102' width='102' \/><p>Hanni \u00e9 <em>Happiness Lead<\/em> na <a href=\"http:\/\/automattic.com\" target=\"_blank\">Automattic<\/a>, onde passa os dias a tentar garantir a felicidade dos utilizadores do <a href=\"http:\/\/pt.wordpress.com\" target=\"_blank\">WordPress.com<\/a>. Por outras palavras, \u00e9 a respons\u00e1vel m\u00e1xima pelo suporte aos utilizadores.<\/p>\n<p>Apaixonada por direito, que estudou tanto no Reino Unido como em Fran\u00e7a, pode muitas vezes ser vista a mergulhar num livro de jurisprud\u00eancia ou talvez a ver epis\u00f3dios do West Wing.<\/p>\n<p>Gosta de correr, n\u00e3o sabe cantar, viaja de vez em quando e escreve no seu blog (muito originalmente chamado <a href=\"http:\/\/hanni.me\" target=\"_blank\">Hanni Ross<\/a>), faz demasiadas perguntas e tem sempre uma caneca de caf\u00e9 na m\u00e3o.<\/p>\n\t\t\t\t\t\t<\/div>\n\t\t\t\t\t<\/div>\n\t\t\t\t\n\t\t\t\t\t\n\t\t\t\t\t<div id=\"hugo-fernandes\" class=\"speaker clearfix even post-220 wcb_speaker type-wcb_speaker status-publish hentry\" >\n\t\t\t\t\t\t<h3 class=\"entry-title speaker-name\">Hugo Fernandes<\/h3>\n\t\t\t\t\t\t<div class=\"entry-content speaker-bio\">\n\t\t\t\t\t\t<img alt='' src='https:\/\/secure.gravatar.com\/avatar\/37a8a29edc08ff6f1d8cc0fd44d0e84ccb6334961b210958af70729034608c08?s=102&#038;d=mm&#038;r=g' srcset='https:\/\/secure.gravatar.com\/avatar\/37a8a29edc08ff6f1d8cc0fd44d0e84ccb6334961b210958af70729034608c08?s=204&#038;d=mm&#038;r=g 2x' class='avatar avatar-102 photo' height='102' width='102' \/><p>Hugo Fernandes \u00e9 <em>Interactive Designer<\/em> e <em>Creative Technologist<\/em>.<\/p>\n<p>Ap\u00f3s 8 anos na Active Media, decidiu que era hora para desbravar o seu pr\u00f3prio caminho; agora freelancer, tenta aliar as duas paix\u00f5es da sua vida: design e programa\u00e7\u00e3o. \u00c9 o que se chama de &#8220;h\u00edbrido&#8221;, seja l\u00e1 o que isso for. Para ele, a programa\u00e7\u00e3o \u00e9 uma extens\u00e3o do design de interac\u00e7\u00e3o, da\u00ed a import\u00e2ncia da rela\u00e7\u00e3o entre os dois.<\/p>\n<p>Apaixonado pela web e pela interactividade, pocura ser agn\u00f3stico no uso que d\u00e1 \u00e0 tecnologia e na forma como a aplica aos projectos.<\/p>\n<p>Passe por <a href=\"http:\/\/www.imhugo.com\" target=\"_blank\">www.imhugo.com<\/a> para o conhecer melhor.<\/p>\n\t\t\t\t\t\t<\/div>\n\t\t\t\t\t<\/div>\n\t\t\t\t\n\t\t\t\t\t\n\t\t\t\t\t<div id=\"kim-gjerstad\" class=\"speaker clearfix odd post-486 wcb_speaker type-wcb_speaker status-publish hentry\" >\n\t\t\t\t\t\t<h3 class=\"entry-title speaker-name\">Kim Gjerstad<\/h3>\n\t\t\t\t\t\t<div class=\"entry-content speaker-bio\">\n\t\t\t\t\t\t<img alt='' src='https:\/\/secure.gravatar.com\/avatar\/390a731662a4ef44d7edcff8db1fac932d59d7ce2e7cc6bf62fa3df64da455e1?s=102&#038;d=mm&#038;r=g' srcset='https:\/\/secure.gravatar.com\/avatar\/390a731662a4ef44d7edcff8db1fac932d59d7ce2e7cc6bf62fa3df64da455e1?s=204&#038;d=mm&#038;r=g 2x' class='avatar avatar-102 photo' height='102' width='102' \/><p>Kim trabalha no plugin <a href=\"http:\/\/wordpress.org\/extend\/plugins\/wysija-newsletters\/\" target=\"_blank\">Wysija<\/a>, um plugin para envio de Newsletter e notifica\u00e7\u00e3o de novos artigos.<\/p>\n<p>Vive em Fran\u00e7a, nasceu em S\u00e3o Francisco, cresceu em Maputo e Montr\u00e9al. A sua casa foi tamb\u00e9m em Kinshasa durante 5 anos.<\/p>\n<p>Apaixonou-se pelo WordPress e tem vivido online desde ent\u00e3o.<\/p>\n\t\t\t\t\t\t<\/div>\n\t\t\t\t\t<\/div>\n\t\t\t\t\n\t\t\t\t\t<\/div><div class=\"grid_6 omega\">\n\t\t\t\t\t<div id=\"laura-carvalho-alves\" class=\"speaker clearfix even post-810 wcb_speaker type-wcb_speaker status-publish hentry\" >\n\t\t\t\t\t\t<h3 class=\"entry-title speaker-name\">Laura Carvalho Alves<\/h3>\n\t\t\t\t\t\t<div class=\"entry-content speaker-bio\">\n\t\t\t\t\t\t<img alt='' src='https:\/\/secure.gravatar.com\/avatar\/75d311545df0938c48bca705ab6c81095152f9afe60b2972741fe6a4858c96d2?s=102&#038;d=mm&#038;r=g' srcset='https:\/\/secure.gravatar.com\/avatar\/75d311545df0938c48bca705ab6c81095152f9afe60b2972741fe6a4858c96d2?s=204&#038;d=mm&#038;r=g 2x' class='avatar avatar-102 photo' height='102' width='102' \/><p>Jornalista freelancer &#8211; lol, como se isso fosse considerado emprego \u00e0 s\u00e9ria neste pa\u00eds. <\/p>\n<p>Bloga e facebooka, de maneira que usa verbos estranhos que seriam considerados l\u00ednguagem de alien\u00edgena h\u00e1 10 anos atr\u00e1s. N\u00e3o instagrama e n\u00e3o twitta, apesar de tudo. Mas wordpressa e tumblra. <\/p>\n<p>Sempre escreveu para suportes papel, algo que ainda faz, por teimosia. Trabalhou na revista Forum Estudante, no jornal Mundo Universit\u00e1rio, colaborou com o jornal Sol, e escreve ainda para as revistas DIF e B &#8211; Cultura da Bicicleta, al\u00e9m de produzir conte\u00fados para outras publica\u00e7\u00f5es especializadas em \u00e1reas como o com\u00e9rcio e a sa\u00fade. <\/p>\n<p>Actualmente o projecto criativo ao qual est\u00e1 a dedicar mais mimos \u00e9 o <a href=\"http:\/\/postcardsfromportugalwithlove.tumblr.com\" title=\"(editor advice: beware, tumblr link\u2026 :)\" target=\"_blank\">From Portugal, With Love<\/a>.<\/p>\n\t\t\t\t\t\t<\/div>\n\t\t\t\t\t<\/div>\n\t\t\t\t\n\t\t\t\t\t\n\t\t\t\t\t<div id=\"luis-filipe-cristovao\" class=\"speaker clearfix odd post-808 wcb_speaker type-wcb_speaker status-publish hentry\" >\n\t\t\t\t\t\t<h3 class=\"entry-title speaker-name\">Lu\u00eds Filipe Cristov\u00e3o<\/h3>\n\t\t\t\t\t\t<div class=\"entry-content speaker-bio\">\n\t\t\t\t\t\t<img alt='' src='https:\/\/secure.gravatar.com\/avatar\/76458b9a53e6c96ce20a9c1df4a8b50a7b95e01a5f904b51381a9431c1d1ced2?s=102&#038;d=mm&#038;r=g' srcset='https:\/\/secure.gravatar.com\/avatar\/76458b9a53e6c96ce20a9c1df4a8b50a7b95e01a5f904b51381a9431c1d1ced2?s=204&#038;d=mm&#038;r=g 2x' class='avatar avatar-102 photo' height='102' width='102' \/><p>Lu\u00eds Filipe Crist\u00f3v\u00e3o nasceu em 1979 e formou-se em Literatura.<\/p>\n<p>Durante sete anos foi respons\u00e1vel editorial e livreiro da Livrododia, ajudando uma pequena editora a fazer-se notar, muito gra\u00e7as a trabalho feito em blogues e redes sociais.<\/p>\n<p>H\u00e1 cerca de um ano mudou-se de armas e bagagens para o marketing desportivo, onde faz gest\u00e3o de conte\u00fados e redes sociais. Tamb\u00e9m trabalha como jornalista freelance na \u00e1rea do desporto.<\/p>\n<p>Entre uma coisa e outra passou imenso tempo a navegar na internet, a participar em associa\u00e7\u00f5es, a escrever em blogues e livros, a criar redes de partilha de interesses e a olhar para o mundo.<\/p>\n<p>Encontram-no pelo <a href=\"https:\/\/www.facebook.com\/luisfilipecristovao\" target=\"_blank\">facebook<\/a> e pelo <a href=\"https:\/\/twitter.com\/luis_cristovao\" target=\"_blank\">twitter<\/a>.<\/p>\n\t\t\t\t\t\t<\/div>\n\t\t\t\t\t<\/div>\n\t\t\t\t\n\t\t\t\t\t\n\t\t\t\t\t<div id=\"noel-tock\" class=\"speaker clearfix even post-204 wcb_speaker type-wcb_speaker status-publish hentry\" >\n\t\t\t\t\t\t<h3 class=\"entry-title speaker-name\">Noel Tock<\/h3>\n\t\t\t\t\t\t<div class=\"entry-content speaker-bio\">\n\t\t\t\t\t\t<img alt='' src='https:\/\/secure.gravatar.com\/avatar\/62cadbec28f6e032454e04beae081a31d389e4224dce3c1161c43ded3e480b19?s=102&#038;d=mm&#038;r=g' srcset='https:\/\/secure.gravatar.com\/avatar\/62cadbec28f6e032454e04beae081a31d389e4224dce3c1161c43ded3e480b19?s=204&#038;d=mm&#038;r=g 2x' class='avatar avatar-102 photo' height='102' width='102' \/><p><a href=\"http:\/\/noeltock.com\" target=\"_blank\">Noel<\/a> \u00e9 o fundador do <a href=\"http:\/\/happytables.com\" target=\"_blank\">happytables<\/a>, uma solu\u00e7\u00e3o SaaS (<em>Software as a service<\/em>) para sites de restaurantes, constru\u00edda com WordPress.<\/p>\n<p>Al\u00e9m de ser o organizador do grupo de utilizadores de <a href=\"http:\/\/www.wp-zuri.ch\/\" target=\"_blank\">Zurique<\/a> (Su\u00ed\u00e7a) e ter sido recentemente destacado na <a href=\"http:\/\/www.netmagazine.com\/interviews\/noel-tock-better-restaurant-websites\" target=\"_blank\">.NET<\/a> e <a href=\"http:\/\/wpcandy.com\/quarterly\" target=\"_blank\">WP Quarterly Magazine<\/a>, foi ainda um dos oradores convidados no <a href=\"http:\/\/2012.sf.wordcamp.org\/speakers\/#noel\" target=\"_blank\">WordCamp San Francisco 2012<\/a>.<\/p>\n<p>O Noel tem um fraco por <a href=\"http:\/\/adoptr.com\/about.html\" target=\"_blank\">c\u00e3es abandonados<\/a> e cerveja fresca.<\/p>\n\t\t\t\t\t\t<\/div>\n\t\t\t\t\t<\/div>\n\t\t\t\t\n\t\t\t\t\t\n\t\t\t\t\t<div id=\"nuno-ramos\" class=\"speaker clearfix odd post-806 wcb_speaker type-wcb_speaker status-publish hentry\" >\n\t\t\t\t\t\t<h3 class=\"entry-title speaker-name\">Nuno Ramos<\/h3>\n\t\t\t\t\t\t<div class=\"entry-content speaker-bio\">\n\t\t\t\t\t\t<img alt='' src='https:\/\/secure.gravatar.com\/avatar\/5945d2c9f7738fd742cb2dfdf23d927fe150a8e28e0f3074ef6981f514765daf?s=102&#038;d=mm&#038;r=g' srcset='https:\/\/secure.gravatar.com\/avatar\/5945d2c9f7738fd742cb2dfdf23d927fe150a8e28e0f3074ef6981f514765daf?s=204&#038;d=mm&#038;r=g 2x' class='avatar avatar-102 photo' height='102' width='102' \/><p>Nuno Ramos \u00e9 consultor de comunica\u00e7\u00e3o na \u00e1rea da tecnologia na <a href=\"http:\/\/aempress.com\/\" target=\"_blank\">AEMpress<\/a>.<\/p>\n<p>Antes de abandonar o jornalismo no in\u00edcio de 2011, participou no desenvolvimento da inovadora revista digital interativa <a href=\"http:\/\/guestlist.tmn.pt\/\" target=\"_blank\">GuestList tmn<\/a> e no primeiro n\u00famero da BGamer Digital. Foi tamb\u00e9m jornalista nas publica\u00e7\u00f5es Revista Smash!, Hi-Gamers e PTGamers. Colabora ocasionalmente com artigos de opini\u00e3o para a BGamer.<\/p>\n<p>Pratica futurologia digital e \u00e9 um apaixonado por comunica\u00e7\u00e3o, startups, videojogos e black metal dos anos 80.<\/p>\n<p>Podem acompanhar o Nuno no seu blogue \u2013 <a href=\"http:\/\/digitaldoings.com\/\" target=\"_blank\">Digital Doings<\/a> \u2013 ou numa rede social por a\u00ed.<\/p>\n\t\t\t\t\t\t<\/div>\n\t\t\t\t\t<\/div>\n\t\t\t\t\n\t\t\t\t\t\n\t\t\t\t\t<div id=\"ryan-hellyer\" class=\"speaker clearfix even post-280 wcb_speaker type-wcb_speaker status-publish hentry\" >\n\t\t\t\t\t\t<h3 class=\"entry-title speaker-name\">Ryan Hellyer<\/h3>\n\t\t\t\t\t\t<div class=\"entry-content speaker-bio\">\n\t\t\t\t\t\t<img alt='' src='https:\/\/secure.gravatar.com\/avatar\/dc73bc3bdfc6b3452697a22736d80204f03124159f87f4e5ed1152c87ebe5eef?s=102&#038;d=mm&#038;r=g' srcset='https:\/\/secure.gravatar.com\/avatar\/dc73bc3bdfc6b3452697a22736d80204f03124159f87f4e5ed1152c87ebe5eef?s=204&#038;d=mm&#038;r=g 2x' class='avatar avatar-102 photo' height='102' width='102' \/><p><span style=\"color: #000000\">Ryan Hellyer\u00a0\u00e9 um especialista WordPress neozeland\u00eas a viver actualmente na Noruega. Trabalha a full-time como WordPress developer na <a title=\"Metronet.no\" href=\"http:\/\/metronet.no\/\" target=\"_blank\">Metronet.no<\/a><\/span><\/p>\n<p>\u00c9 o criador de <a href=\"http:\/\/profiles.wordpress.org\/ryanhellyer\/\">uma grande variedade de plugins<\/a>, tais\u00a0como filtros de spam, sistemas de backups, ordena\u00e7\u00e3o de menus e muito mais. Escreve sobre WordPress no\u00a0<a href=\"http:\/\/pixopoint.com\/\" target=\"_blank\">PixoPoint.com<\/a>, recentemente no WP Realm e tamb\u00e9m sobre ele pr\u00f3prio na forma de fotos em <a href=\"http:\/\/ryanhellyer.net\/\" target=\"_blank\">RyanHellyer.net<\/a>.<\/p>\n<p>No WordCamp vai-nos falar sobre as suas experi\u00eancias mais recentes em como fazer a transi\u00e7\u00e3o entre um site WordPress extremamente lento para um dos mais r\u00e1pidos sem gastar uma fortuna.<\/p>\n\t\t\t\t\t\t<\/div>\n\t\t\t\t\t<\/div>\n\t\t\t\t\n\t\t\t\t\t\n\t\t\t\t\t<div id=\"vasco-marques\" class=\"speaker clearfix odd post-482 wcb_speaker type-wcb_speaker status-publish hentry\" >\n\t\t\t\t\t\t<h3 class=\"entry-title speaker-name\">Vasco Marques<\/h3>\n\t\t\t\t\t\t<div class=\"entry-content speaker-bio\">\n\t\t\t\t\t\t<img alt='' src='https:\/\/secure.gravatar.com\/avatar\/866704b3431eea914e8f6deb83e3ae223efb20987e3f65a38ef156cf98dee8f0?s=102&#038;d=mm&#038;r=g' srcset='https:\/\/secure.gravatar.com\/avatar\/866704b3431eea914e8f6deb83e3ae223efb20987e3f65a38ef156cf98dee8f0?s=204&#038;d=mm&#038;r=g 2x' class='avatar avatar-102 photo' height='102' width='102' \/><p>Ao longo de mais de 10 anos tem-se dedicado ao desenvolvimento e gest\u00e3o de\u00a0e-Business e \u00e9 cada vez mais f\u00e3 do WordPress!<\/p>\n<p>MBA (Master of Business Administration) com especializa\u00e7\u00e3o em Sistemas de\u00a0Informa\u00e7\u00e3o e e-Business. \u00c9 tamb\u00e9m docente no Ensino Superior, em disciplinas de Licenciatura e P\u00f3s-gradua\u00e7\u00f5es em \u00e1reas relacionadas com Redes de\u00a0Informa\u00e7\u00e3o, e-Business, Ferramentas Digitais e Marketing Digital.<\/p>\n<p>Possui vasta experi\u00eancia profissional e formativa em Tecnologias de\u00a0Informa\u00e7\u00e3o e Comunica\u00e7\u00e3o, Desenvolvimento Web, Redes Sociais, Computa\u00e7\u00e3o\u00a0Gr\u00e1fica e Multim\u00e9dia.<\/p>\n<p>\u00c9 Microsoft Certified Trainer (MCT) e Google Certified Professional.<\/p>\n<p>Pode acompanhar algum do trabalho que tem realizado em\u00a0<a href=\"http:\/\/www.vascomarques.net\/\" target=\"_blank\">www.vascomarques.net<\/a><\/p>\n<p>Vem ao Wordcamp apresentar o Caso Marketing Portugal<\/p>\n<p>Mais info:\u00a0<a href=\"http:\/\/www.vascomarques.net\/cv\" target=\"_blank\">www.vascomarques.net\/cv<\/a><br \/>\nFacebook:\u00a0<a href=\"http:\/\/www.facebook.com\/vasco.marques1\" target=\"_blank\">www.facebook.com\/vasco.marques1<\/a><br \/>\nTwitter:\u00a0<a href=\"http:\/\/www.twitter.com\/vascomarquesnet\" target=\"_blank\">www.twitter.com\/vascomarquesnet<\/a><br \/>\nLinkedin:\u00a0<a href=\"http:\/\/www.linkedin.com\/in\/vascomarques\" target=\"_blank\">www.linkedin.com\/in\/vascomarques<\/a><\/p>\n\t\t\t\t\t\t<\/div>\n\t\t\t\t\t<\/div>\n\t\t\t\t\n\t\t\t\t\t\n\t\t\t\t\t<div id=\"ze-fontainhas\" class=\"speaker clearfix even post-429 wcb_speaker type-wcb_speaker status-publish hentry\" >\n\t\t\t\t\t\t<h3 class=\"entry-title speaker-name\">Z\u00e9 Fontainhas<\/h3>\n\t\t\t\t\t\t<div class=\"entry-content speaker-bio\">\n\t\t\t\t\t\t<img alt='' src='https:\/\/secure.gravatar.com\/avatar\/d71843bd2670ce03308e7ab56b82febe090a6cfb9944e81657bd619a4756d50f?s=102&#038;d=mm&#038;r=g' srcset='https:\/\/secure.gravatar.com\/avatar\/d71843bd2670ce03308e7ab56b82febe090a6cfb9944e81657bd619a4756d50f?s=204&#038;d=mm&#038;r=g 2x' class='avatar avatar-102 photo' height='102' width='102' \/><p>Vive perto de Lisboa, junto \u00e0 praia. Toca <a href=\"http:\/\/www.facebook.com\/pages\/Amigos-do-Ze\/134602920417\">bateria<\/a>. \u00c9 um dos fundadores da Comunidade Portuguesa de WordPress e da Comunidade Brasileira WordPress e editor s\u00e9nior do site de not\u00edcias <a href=\"http:\/\/wprealm.com\">WP Realm<\/a>.\u00a0\u00c9 tamb\u00e9m o\u00a0<em>community lead<\/em>\u00a0das\u00a0<a href=\"http:\/\/make.wordpress.org\/polyglots\/\">comunidades de tradu\u00e7\u00e3o do WordPress<\/a>\u00a0para mais de 90 idiomas,\u00a0<em>core developer<\/em>\u00a0da plataforma\u00a0<a href=\"http:\/\/glotpress.org\">GlotPress<\/a>\u00a0e <em>core contributor<\/em> do WordPress.<\/p>\n<p>Tem o seu pr\u00f3prio projecto de \u00a0<a href=\"http:\/\/vanilla-lounge.pt\" target=\"_blank\">consultoria dedicada<\/a>\u00a0a projectos em WordPress<\/p>\n<p>Est\u00e1 \u00e0 disposi\u00e7\u00e3o de todos para quaisquer perguntas relacionadas com localiza\u00e7\u00e3o, internacionaliza\u00e7\u00e3o e <a href=\"http:\/\/ze.fontainhas.com\/2010\/12\/23\/the-dry-martini-postulate\/\">dry martinis<\/a>.<\/p>\n\t\t\t\t\t\t<\/div>\n\t\t\t\t\t<\/div>\n\t\t\t\t\n\t\t\t<\/div>\n\t\t<\/div>\n\n\t\t\n","protected":false},"excerpt":{"rendered":"","protected":false},"author":113620,"featured_media":0,"parent":0,"menu_order":0,"comment_status":"closed","ping_status":"closed","template":"","meta":{"_crdt_document":"","jetpack_post_was_ever_published":false,"footnotes":""},"class_list":["post-191","page","type-page","status-publish","hentry"],"jetpack_shortlink":"https:\/\/wp.me\/P2mAry-35","jetpack_sharing_enabled":false,"_links":{"self":[{"href":"https:\/\/lisboa.wordcamp.org\/2012\/wp-json\/wp\/v2\/pages\/191","targetHints":{"allow":["GET"]}}],"collection":[{"href":"https:\/\/lisboa.wordcamp.org\/2012\/wp-json\/wp\/v2\/pages"}],"about":[{"href":"https:\/\/lisboa.wordcamp.org\/2012\/wp-json\/wp\/v2\/types\/page"}],"author":[{"embeddable":true,"href":"https:\/\/lisboa.wordcamp.org\/2012\/wp-json\/wp\/v2\/users\/113620"}],"replies":[{"embeddable":true,"href":"https:\/\/lisboa.wordcamp.org\/2012\/wp-json\/wp\/v2\/comments?post=191"}],"version-history":[{"count":4,"href":"https:\/\/lisboa.wordcamp.org\/2012\/wp-json\/wp\/v2\/pages\/191\/revisions"}],"predecessor-version":[{"id":996,"href":"https:\/\/lisboa.wordcamp.org\/2012\/wp-json\/wp\/v2\/pages\/191\/revisions\/996"}],"wp:attachment":[{"href":"https:\/\/lisboa.wordcamp.org\/2012\/wp-json\/wp\/v2\/media?parent=191"}],"curies":[{"name":"wp","href":"https:\/\/api.w.org\/{rel}","templated":true}]}}