{"id":858,"date":"2012-09-22T11:27:43","date_gmt":"2012-09-22T11:27:43","guid":{"rendered":"https:\/\/2012.lisboa.wordcamp.org\/?page_id=858"},"modified":"2012-09-27T14:03:52","modified_gmt":"2012-09-27T14:03:52","slug":"localizacao","status":"publish","type":"page","link":"https:\/\/lisboa.wordcamp.org\/2012\/localizacao\/","title":{"rendered":"Localiza\u00e7\u00e3o"},"content":{"rendered":"<h3>S\u00e1bado\/<em>Saturday<\/em><\/h3>\n<p>Este ano o WordCamp acontece no <a href=\"http:\/\/www.isel.pt\/\" target=\"_blank\"><strong>Instituto Superior de Engenharia de Lisboa<\/strong><\/a>\u00a0(<strong>ISEL<\/strong>)\u00a0uma escola de engenharia actualmente integrada no\u00a0<a title=\"Instituto Polit\u00e9cnico de Lisboa\" href=\"http:\/\/pt.wikipedia.org\/wiki\/Instituto_Polit%C3%A9cnico_de_Lisboa\">Instituto Polit\u00e9cnico de Lisboa<\/a>.<\/p>\n<p><em>This year WordCamp will take place at the\u00a0<a href=\"http:\/\/www.isel.pt\/pInst\/English\/AboutISEL.html\" target=\"_blank\"><strong>Instituto Superior de Engenharia de Lisboa<\/strong><\/a>\u00a0(<strong>ISEL<\/strong>) an engineering school which is part of the\u00a0<a title=\"Instituto Polit\u00e9cnico de Lisboa\" href=\"http:\/\/en.wikipedia.org\/wiki\/Polytechnic_Institute_of_Lisbon\" target=\"_blank\">Instituto Polit\u00e9cnico de Lisboa<\/a>.<\/em><\/p>\n<div class=\"googlemaps\">\n\t\t\t\t<iframe loading=\"lazy\" width=\"640\" height=\"480\" frameborder=\"0\" scrolling=\"no\" marginheight=\"0\" marginwidth=\"0\"  src=\"https:\/\/maps.google.com\/maps\/ms?msid=205025412187651101933.0004c610ba2a4821a1f8b&#038;msa=0&#038;ie=UTF8&#038;t=h&#038;ll=38.757003,-9.116346&#038;spn=0.00456,0.006904&#038;output=embed\"><\/iframe>\n\t\t\t<\/div>\n<p><strong>Morada\/<em>Address<\/em>:<\/strong><\/p>\n<p>ISEL &#8211; Rua Conselheiro Emidio Navarro 1<br \/>\nEdificio P<br \/>\n1959-007 Lisboa<\/p>\n<p><strong>Metro\/<em>Subway<\/em>:<\/strong><\/p>\n<p>Esta\u00e7\u00e3o de Chelas (ISEL)- Linha Vermelha &#8211; (5 minutos a p\u00e9 at\u00e9 ao ISEL)<br \/>\n[<a href=\"http:\/\/www.metrolisboa.pt\">site do Metro de Lisboa<\/a>]<br \/>\n<em>Chelas station (ISEL)- &#8220;Vermelha&#8221; (Red) line &#8211; (5 minute walk to ISEL)<br \/>\n[<a href=\"http:\/\/www.metrolisboa.pt\/eng\/\" target=\"_blank\">Lisbon subways site<\/a>]\u00a0<\/em><\/p>\n<p><strong>Autocarros\/<em>Buses<\/em>:<\/strong><\/p>\n<p>10, 49, 718, 750, 755<br \/>\n[<a href=\"http:\/\/www.carris.pt\/pt\/carreiras\/\">site da Carris<\/a>]<br \/>\n[<a href=\"http:\/\/www.carris.pt\/en\/buslines\/\" target=\"_blank\">Carris&#8217; site<\/a>]<\/p>\n<h3>Domingo\/<em>Sunday<\/em><\/h3>\n<p>O <a title=\"Hack day!\" href=\"https:\/\/2012.lisboa.wordcamp.org\/2012\/09\/18\/hack-day\/\" target=\"_blank\"><em>hack day<\/em><\/a> tem lugar no <a href=\"http:\/\/coworklisboa.pt\/\" target=\"_blank\">Cowork Lisboa<\/a>, um espa\u00e7o de coworking inovador no LX Factory, em Alc\u00e2ntara.<\/p>\n<p><em>The\u00a0<a title=\"Hack day!\" href=\"https:\/\/2012.lisboa.wordcamp.org\/2012\/09\/18\/hack-day\/\" target=\"_blank\">hack day<\/a>\u00a0will take place at\u00a0<a href=\"http:\/\/coworklisboa.pt\/\" target=\"_blank\">Cowork Lisboa<\/a>, an innovative coworking space in the LX Factory, in the Alc\u00e2ntara area.\u00a0<\/em><\/p>\n<div class=\"googlemaps\">\n\t\t\t\t<iframe loading=\"lazy\" width=\"640\" height=\"480\" frameborder=\"0\" scrolling=\"no\" marginheight=\"0\" marginwidth=\"0\"  src=\"https:\/\/maps.google.com\/maps\/ms?msa=0&#038;msid=205025412187651101933.0004c610ba2a4821a1f8b&#038;ie=UTF8&#038;t=h&#038;ll=38.702425,-9.17809&#038;spn=0.005861,0.00912&#038;z=16&#038;output=embed\"><\/iframe>\n\t\t\t<\/div>\n<p><strong>Morada\/Address:<\/strong><\/p>\n<p>LX Factory<br \/>\nRua Rodrigues Faria, 103<br \/>\nEdif\u00edcio I &#8211; 4\u00ba Piso<br \/>\n1300-501 Lisboa<\/p>\n<h4>Autocarros\/<em>Buses:<\/em><\/h4>\n<p>El\u00e9ctricos\/Streetcars: 15, 18<br \/>\nAutocarros\/<em>Buses<\/em> 24 , 56, 60, 201, 203, 714, 720, 727, 732, 738, 742, 751<br \/>\n[<a href=\"http:\/\/www.carris.pt\/pt\/carreiras\/\">site da Carris<\/a>]<br \/>\n[<a href=\"http:\/\/www.carris.pt\/en\/buslines\/\" target=\"_blank\">Carris&#8217; site<\/a>]<\/p>\n","protected":false},"excerpt":{"rendered":"<p>S\u00e1bado\/Saturday Este ano o WordCamp acontece no Instituto Superior de Engenharia de Lisboa\u00a0(ISEL)\u00a0uma escola de engenharia actualmente integrada no\u00a0Instituto Polit\u00e9cnico de Lisboa. This year WordCamp will take place at the\u00a0Instituto Superior de Engenharia de Lisboa\u00a0(ISEL) an engineering school which is &hellip; <a href=\"https:\/\/lisboa.wordcamp.org\/2012\/localizacao\/\">Continuar a ler <span class=\"assistive-text\">Localiza\u00e7\u00e3o<\/span>  <span class=\"meta-nav\">&rarr;<\/span><\/a><\/p>\n","protected":false},"author":6116161,"featured_media":0,"parent":0,"menu_order":0,"comment_status":"open","ping_status":"open","template":"","meta":{"_crdt_document":"","jetpack_post_was_ever_published":false,"footnotes":""},"class_list":["post-858","page","type-page","status-publish","hentry"],"jetpack_shortlink":"https:\/\/wp.me\/P2mAry-dQ","jetpack_sharing_enabled":true,"_links":{"self":[{"href":"https:\/\/lisboa.wordcamp.org\/2012\/wp-json\/wp\/v2\/pages\/858","targetHints":{"allow":["GET"]}}],"collection":[{"href":"https:\/\/lisboa.wordcamp.org\/2012\/wp-json\/wp\/v2\/pages"}],"about":[{"href":"https:\/\/lisboa.wordcamp.org\/2012\/wp-json\/wp\/v2\/types\/page"}],"author":[{"embeddable":true,"href":"https:\/\/lisboa.wordcamp.org\/2012\/wp-json\/wp\/v2\/users\/6116161"}],"replies":[{"embeddable":true,"href":"https:\/\/lisboa.wordcamp.org\/2012\/wp-json\/wp\/v2\/comments?post=858"}],"version-history":[{"count":12,"href":"https:\/\/lisboa.wordcamp.org\/2012\/wp-json\/wp\/v2\/pages\/858\/revisions"}],"predecessor-version":[{"id":861,"href":"https:\/\/lisboa.wordcamp.org\/2012\/wp-json\/wp\/v2\/pages\/858\/revisions\/861"}],"wp:attachment":[{"href":"https:\/\/lisboa.wordcamp.org\/2012\/wp-json\/wp\/v2\/media?parent=858"}],"curies":[{"name":"wp","href":"https:\/\/api.w.org\/{rel}","templated":true}]}}