{"id":700,"date":"2012-09-09T21:14:52","date_gmt":"2012-09-09T21:14:52","guid":{"rendered":"https:\/\/2012.lisboa.wordcamp.org\/?post_type=wcb_sponsor&#038;p=700"},"modified":"2012-09-10T14:03:08","modified_gmt":"2012-09-10T14:03:08","slug":"active-media","status":"publish","type":"wcb_sponsor","link":"https:\/\/lisboa.wordcamp.org\/2012\/sponsor\/active-media\/","title":{"rendered":"Active Media"},"content":{"rendered":"<div id=\"attachment_701\" style=\"width: 210px\" class=\"wp-caption alignleft\"><a href=\"https:\/\/2012.lisboa.wordcamp.org\/files\/2012\/09\/logoActive.png\" rel=\"nofollow\"><img loading=\"lazy\" decoding=\"async\" aria-describedby=\"caption-attachment-701\" class=\"alignnone size-full wp-image-701\" src=\"https:\/\/2012.lisboa.wordcamp.org\/files\/2012\/09\/logoActive.png\" alt=\"\" width=\"200\" height=\"200\" \/><\/a><p id=\"caption-attachment-701\" class=\"wp-caption-text\"><em><a href=\"http:\/\/www.activemedia.pt\" rel=\"nofollow\">activemedia.pt<\/a><\/em><\/p><\/div>\n<p>A Active Media foi fundada em 2002 para preencher um vazio no mercado da comunica\u00e7\u00e3o: a cria\u00e7\u00e3o e gest\u00e3o de canais de comunica\u00e7\u00e3o multim\u00e9dia, a que demos o nome de <a title=\"Business Channel\" href=\"http:\/\/activemedia.pt\/site\/servicos\/business-channel\/business-channel\/\" rel=\"nofollow\">Business Channel<\/a>.<\/p>\n<p>Na origem da sua funda\u00e7\u00e3o est\u00e3o 4 pessoas que se foram cruzando ao longo da vida e num determinado momento viram ali uma oportunidade de neg\u00f3cio e de desenvolvimento pessoal, uma atitude de empreendorismo como resposta a uma necessidade de crescimento pessoal e profissional.<\/p>\n<p>Era um mercado novo e emergente, que precisava de muita evangeliza\u00e7\u00e3o, mas cedo encontr\u00e1mos os parceiros certos para levar a bom porto os primeiros projectos na \u00e1rea.<\/p>\n<p>O conceito de canal de comunica\u00e7\u00e3o e a palavra multim\u00e9dia entendidas no seu sentido mais lato levaram-nos a outras experi\u00eancias que levariam a outros projectos. O <a href=\"http:\/\/www.vida-on.com\/\" target=\"_blank\" rel=\"nofollow\">Vida-On<\/a> por exemplo, o primeiro site dedicado ao homem divorciado, constru\u00eddo para ser um porto de ajuda, um auxiliar da vida novamente a um, foi noticia por todo o mundo, em l\u00ednguas onde s\u00f3 se percebia o link do site.\u00a0Foi lan\u00e7ado no mesmo dia que o piloto da <a title=\"GalpTV\" href=\"http:\/\/activemedia.pt\/site\/case-studies\/galptv\/\" rel=\"nofollow\">GalpTV<\/a>, o nosso primeiro projecto de canal.<\/p>\n<p>Hoje a Active Media posiciona-se no mercado da Comunica\u00e7\u00e3o e Multim\u00e9dia, e a divis\u00e3o dos nossos<a title=\"O que fazemos\" href=\"http:\/\/activemedia.pt\/site\/servicos\/o-que-fazemos\/\" rel=\"nofollow\">servi\u00e7os<\/a> em quatro \u00e1reas \u00e9 apenas uma quest\u00e3o de facilitarmos a nossa comunica\u00e7\u00e3o porque nenhuma delas \u00e9 estanque e facilmente as usamos todas no mesmo projecto. Porque \u00e9 isso que para n\u00f3s \u00e9 natural.<\/p>\n<p>Acreditamos na converg\u00eancia de meios, ou melhor, acreditamos no <a href=\"http:\/\/en.wikipedia.org\/wiki\/Multimedia\" target=\"_blank\" rel=\"nofollow\">multim\u00e9dia<\/a> e nessa defini\u00e7\u00e3o caber\u00e1 tudo o que fazemos hoje e faremos amanh\u00e3.<\/p>\n<p>E de certeza podemos fazer algo por si ou pela sua organiza\u00e7\u00e3o. Por onde podemos <a href=\"mailto:%20jorge.oliveira@activemedia.pt\" rel=\"nofollow\">come\u00e7ar<\/a>?<\/p>\n","protected":false},"excerpt":{"rendered":"<p>A Active Media foi fundada em 2002 para preencher um vazio no mercado da comunica\u00e7\u00e3o: a cria\u00e7\u00e3o e gest\u00e3o de canais de comunica\u00e7\u00e3o multim\u00e9dia, a que demos o nome de Business Channel. Na origem da sua funda\u00e7\u00e3o est\u00e3o 4 pessoas &hellip; <a href=\"https:\/\/lisboa.wordcamp.org\/2012\/sponsor\/active-media\/\">Continuar a ler <span class=\"assistive-text\">Active Media<\/span>  <span class=\"meta-nav\">&rarr;<\/span><\/a><\/p>\n","protected":false},"featured_media":704,"template":"","meta":{"_crdt_document":"","jetpack_post_was_ever_published":false,"_wcpt_sponsor_website":"","footnotes":""},"sponsor_level":[4035],"class_list":["post-700","wcb_sponsor","type-wcb_sponsor","status-publish","has-post-thumbnail","hentry","wcb_sponsor_level-bronze"],"jetpack_shortlink":"https:\/\/wp.me\/p2mAry-bi","jetpack_sharing_enabled":true,"_links":{"self":[{"href":"https:\/\/lisboa.wordcamp.org\/2012\/wp-json\/wp\/v2\/sponsors\/700","targetHints":{"allow":["GET"]}}],"collection":[{"href":"https:\/\/lisboa.wordcamp.org\/2012\/wp-json\/wp\/v2\/sponsors"}],"about":[{"href":"https:\/\/lisboa.wordcamp.org\/2012\/wp-json\/wp\/v2\/types\/wcb_sponsor"}],"version-history":[{"count":5,"href":"https:\/\/lisboa.wordcamp.org\/2012\/wp-json\/wp\/v2\/sponsors\/700\/revisions"}],"predecessor-version":[{"id":708,"href":"https:\/\/lisboa.wordcamp.org\/2012\/wp-json\/wp\/v2\/sponsors\/700\/revisions\/708"}],"wp:featuredmedia":[{"embeddable":true,"href":"https:\/\/lisboa.wordcamp.org\/2012\/wp-json\/wp\/v2\/media\/704"}],"wp:attachment":[{"href":"https:\/\/lisboa.wordcamp.org\/2012\/wp-json\/wp\/v2\/media?parent=700"}],"wp:term":[{"taxonomy":"wcb_sponsor_level","embeddable":true,"href":"https:\/\/lisboa.wordcamp.org\/2012\/wp-json\/wp\/v2\/sponsor_level?post=700"}],"curies":[{"name":"wp","href":"https:\/\/api.w.org\/{rel}","templated":true}]}}